{"id":21,"date":"2024-05-15T09:12:08","date_gmt":"2024-05-15T06:12:08","guid":{"rendered":"http:\/\/31.217.193.150\/~stafettk\/?page_id=21"},"modified":"2025-12-16T14:25:08","modified_gmt":"2025-12-16T12:25:08","slug":"bli-funktionar","status":"publish","type":"page","link":"https:\/\/www.stafettkarnevalen.fi\/?page_id=21","title":{"rendered":"Bli funktion\u00e4r"},"content":{"rendered":"\n<h3 class=\"wp-block-heading\">V\u00c4LKOMMEN med blivande funktion\u00e4r!<\/h3>\n\n\n\n<p>Stafettkarnevalen l\u00f6ps varje \u00e5r i maj m\u00e5nad p\u00e5 v\u00e5r anrika Olympiastadion i Helsingfors. Vi beh\u00f6ver Din hj\u00e4lp f\u00f6r att kunna f\u00f6rverkliga karnevalen och g\u00f6ra den till en of\u00f6rgl\u00f6mlig upplevelse f\u00f6r tusentals barn och ungdomar! Det kommer \u00e4ven att vara en v\u00e4ldigt berikande och unik upplevelse f\u00f6r dig. Stafettkarnevalen \u00e4r Europas st\u00f6rsta \u00e5rligen \u00e5terkommande skolidrotts evenemang.&nbsp;<\/p>\n\n\n\n<p>Att vara med som funktion\u00e4r p\u00e5 Stafettkarnevalen \u00e4r ett fantastiskt tillf\u00e4lle f\u00f6r dig, att l\u00e4ra dig hur ett idrottsevenemang, som har m\u00e5ngdubbelt fler deltagare \u00e4n ett EM i friidrott, arrangeras och genomf\u00f6rs p\u00e5 ett proffsigt och roligt s\u00e4tt.<\/p>\n\n\n\n<p>Datum f\u00f6r karnevalen \u00e4r&nbsp;22-23.5.2026.&nbsp;<strong>Boka allts\u00e5 datumen redan nu!<\/strong><\/p>\n\n\n\n<p>Vi sk\u00f6ter v\u00e5rt funktion\u00e4rsupprop via Lyyti. Man beh\u00f6ver inte l\u00e4ngre minnas n\u00e5gra l\u00f6senord eller ha personliga konton. Det r\u00e4cker med en fungerande e-postadress.<br><br><strong>Funktion\u00e4rsrekrytering har kommit ig\u00e5ng<\/strong> s\u00e5 du kan nu anm\u00e4la dig via en l\u00e4nk\u00a0<a href=\"https:\/\/www.lyyti.in\/Stafettkarnevalen2026\">h\u00e4r<\/a>.<\/p>\n\n\n\n<p>Om du redan nu vill anm\u00e4la ditt intresse s\u00e5 g\u00e5r det bra att skicka e-post till v\u00e5r funktion\u00e4rschef:&nbsp;<a href=\"mailto:baba@idrott.fi\">Barbara \u00c5kerberg<\/a><\/p>\n\n\n\n<p>Har du bekanta som kunde t\u00e4nkas vara intresserade, rekrytera dem redan nu! Du g\u00f6r oss och dem en stor tj\u00e4nst.<\/p>\n\n\n\n<p>Kom med i v\u00e5rt glada och trevliga g\u00e4ng!&nbsp;<\/p>\n\n\n\n<p>Med Stafettkarnevalsh\u00e4lsningar!<\/p>\n\n\n\n<p>Barbara \u00c5kerberg<br>baba@idrott.fi<br>+358 40 545 2260<\/p>\n\n\n\n<p>Jan-Erik &#8221;JEJE&#8221; Ekl\u00f6f<br>jeje@stafettkarnevalen.fi<br>+358 40 1846380<\/p>\n","protected":false},"excerpt":{"rendered":"<p>V\u00c4LKOMMEN med blivande funktion\u00e4r! Stafettkarnevalen l\u00f6ps varje \u00e5r i maj m\u00e5nad p\u00e5 v\u00e5r anrika Olympiastadion i Helsingfors. Vi beh\u00f6ver Din[&#8230;]<\/p>\n","protected":false},"author":2,"featured_media":0,"parent":0,"menu_order":0,"comment_status":"closed","ping_status":"closed","template":"","meta":{"footnotes":""},"class_list":["post-21","page","type-page","status-publish","hentry"],"_links":{"self":[{"href":"https:\/\/www.stafettkarnevalen.fi\/index.php?rest_route=\/wp\/v2\/pages\/21","targetHints":{"allow":["GET"]}}],"collection":[{"href":"https:\/\/www.stafettkarnevalen.fi\/index.php?rest_route=\/wp\/v2\/pages"}],"about":[{"href":"https:\/\/www.stafettkarnevalen.fi\/index.php?rest_route=\/wp\/v2\/types\/page"}],"author":[{"embeddable":true,"href":"https:\/\/www.stafettkarnevalen.fi\/index.php?rest_route=\/wp\/v2\/users\/2"}],"replies":[{"embeddable":true,"href":"https:\/\/www.stafettkarnevalen.fi\/index.php?rest_route=%2Fwp%2Fv2%2Fcomments&post=21"}],"version-history":[{"count":7,"href":"https:\/\/www.stafettkarnevalen.fi\/index.php?rest_route=\/wp\/v2\/pages\/21\/revisions"}],"predecessor-version":[{"id":775,"href":"https:\/\/www.stafettkarnevalen.fi\/index.php?rest_route=\/wp\/v2\/pages\/21\/revisions\/775"}],"wp:attachment":[{"href":"https:\/\/www.stafettkarnevalen.fi\/index.php?rest_route=%2Fwp%2Fv2%2Fmedia&parent=21"}],"curies":[{"name":"wp","href":"https:\/\/api.w.org\/{rel}","templated":true}]}}