{"id":27,"date":"2024-05-15T09:15:59","date_gmt":"2024-05-15T06:15:59","guid":{"rendered":"http:\/\/31.217.193.150\/~stafettk\/?page_id=27"},"modified":"2026-03-20T20:46:36","modified_gmt":"2026-03-20T18:46:36","slug":"gamla-resultat","status":"publish","type":"page","link":"https:\/\/www.stafettkarnevalen.fi\/?page_id=27","title":{"rendered":"Gamla resultat"},"content":{"rendered":"\n<h4 class=\"wp-block-heading\"><a href=\"https:\/\/live.time4results.com\/yu\/2025\/stafett\/pe\/\" target=\"_blank\" rel=\"noreferrer noopener\">2025<\/a><\/h4>\n\n\n\n<h4 class=\"wp-block-heading\"><a href=\"https:\/\/live.time4results.com\/yu\/2024\/stafett\/\" target=\"_blank\" rel=\"noreferrer noopener\">2024<\/a><\/h4>\n\n\n\n<h4 class=\"wp-block-heading\"><a href=\"https:\/\/live.time4results.com\/yu\/2023\/stafett\/\" target=\"_blank\" rel=\"noreferrer noopener\">2023<\/a><\/h4>\n\n\n\n<h4 class=\"wp-block-heading\"><a href=\"https:\/\/live.time4results.com\/yu\/2022\/stafett\/\" target=\"_blank\" rel=\"noreferrer noopener\">2022<\/a><\/h4>\n\n\n\n<h4 class=\"wp-block-heading\">2021<\/h4>\n\n\n\n<h4 class=\"wp-block-heading\">2020<\/h4>\n\n\n\n<h4 class=\"wp-block-heading\"><a href=\"https:\/\/live.time4results.com\/yu\/2019\/stafett\/\" target=\"_blank\" rel=\"noreferrer noopener\">2019<\/a><\/h4>\n\n\n\n<h4 class=\"wp-block-heading\"><a href=\"https:\/\/live.time4results.com\/yu\/2018\/stafett\/\" target=\"_blank\" rel=\"noreferrer noopener\">2018<\/a><\/h4>\n\n\n\n<h4 class=\"wp-block-heading\"><a href=\"https:\/\/live.time4results.com\/yu\/2017\/stafett\/\" target=\"_blank\" rel=\"noreferrer noopener\">2017<\/a><\/h4>\n\n\n\n<h4 class=\"wp-block-heading\"><a href=\"https:\/\/live.time4results.com\/yu\/2016\/stafett\/\" target=\"_blank\" rel=\"noreferrer noopener\">2016<\/a><\/h4>\n\n\n\n<h4 class=\"wp-block-heading\"><a href=\"https:\/\/live.time4results.com\/yu\/2015\/stafett\/\" target=\"_blank\" rel=\"noreferrer noopener\">2015<\/a><\/h4>\n\n\n\n<h4 class=\"wp-block-heading\"><a href=\"https:\/\/live.time4results.com\/yu\/2014\/Stafett\/\" target=\"_blank\" rel=\"noreferrer noopener\">2014<\/a><\/h4>\n\n\n\n<h3 class=\"wp-block-heading\" id=\"block-52a63bc8-31af-4dd6-a8a5-d0aaecb37512\">Maskott\u00e4vlingen 2024<\/h3>\n\n\n\n<p id=\"block-a75609c0-0c04-4819-b843-cd397771e055\">Det f\u00f6rsta priset under \u00e5rets karneval har nu delats ut! Den traditionella maskott\u00e4vlingen avg\u00f6rs vid inmarschen och vi kan bara s\u00e4ga: T\u00e5get stannar i Ing\u00e5 igen, lika s\u00e5 g\u00f6r pokalen. I \u00e5r var det allts\u00e5 Kyrkfj\u00e4rdens skola fr\u00e5n Ing\u00e5 som kammade hem priset.&nbsp;<\/p>\n\n\n\n<p id=\"block-1a8efeaf-5210-4fab-9e2b-c311b6cd8046\">En s\u00e4llan sk\u00e5dad kreation som gjorde att inmarschen l\u00f6pte som p\u00e5 r\u00e4ls. Ett fyndigt lok med tillh\u00f6rande vagnar som bars av stolthet av skolans elever. Vi kan bara ana ett skolans elever med l\u00e4rare satt en hel del arbetstid p\u00e5 att skapa denna fina kreation.&nbsp;&nbsp;<\/p>\n\n\n\n<p id=\"block-75ba9c24-e288-46b3-94f6-4ef8222a1745\">Ett stort grattis s\u00e4ger vi till Kyrkfj\u00e4rdens skola i Ing\u00e5!&nbsp;<\/p>\n\n\n\n<h5 class=\"wp-block-heading\" id=\"block-4b094b64-7fe9-448d-9866-f2b20ee0cc69\">Hejarklackst\u00e4vlingar 2024<\/h5>\n\n\n\n<p id=\"block-4205579d-c58c-4b71-96d1-b9ab9d98c6eb\">I t\u00e4vlingen f\u00f6r b\u00e4sta hejarklack, i klassen f\u00f6r l\u00e5gstadier, var det i \u00e5r<strong> KUNGSG\u00c5RDSSKOLAN<\/strong> fr\u00e5n Esbo som tog hem segern. Totalt deltog 34 hejarklackar i t\u00e4vlingen.<\/p>\n\n\n\n<p id=\"block-0e27031b-705f-4a3c-a1ca-f6ce5ac47bde\">Motivering: Ett tappert sammanslutet g\u00e4ng som verkligen lyft st\u00e4mningen p\u00e5 hela stadion. Med knappt n\u00e5gon andningspaus och hesa r\u00f6ster har de sett till att alla l\u00f6pare hejats p\u00e5. Ingen paus och ingen ro.<\/p>\n\n\n\n<p id=\"block-03dd3594-07d7-4306-a02e-68649c9a6100\"><strong>\u00c5RSKURS 7-9 OCH ANDRA STADIET, UNDER 25 DELTAGARE 202<\/strong>4<br>I t\u00e4vlingen f\u00f6r b\u00e4sta hejarklack, i klassen f\u00f6r <strong>\u00e5rskurserna 7-9\/andra stadiet under 25 deltagare<\/strong>, var det i \u00e5r<strong> S:t Olofsskolan fr\u00e5n \u00c5bo<\/strong>. Totalt deltog 9 hejarklackar i t\u00e4vlingen.<\/p>\n\n\n\n<p id=\"block-71d07e97-7df0-44de-9aa2-dea8bdfeb3e0\">Motivering: I vimlet p\u00e5 l\u00e4ktaren kan man l\u00e4tt f\u00e5 syn p\u00e5 detta orange-vit-svart-f\u00e4rgade glada g\u00e4ng som med h\u00f6g st\u00e4mma och glada ramsor lyckas f\u00f6rmedla sitt budskap och h\u00f6ja st\u00e4mningen p\u00e5 karnevalen.&nbsp;<\/p>\n\n\n\n<p id=\"block-7df572f6-8e7b-4162-be9e-ff7f0a3b9f22\"><\/p>\n\n\n\n<p id=\"block-19bae885-95de-49e8-b888-479ec5e1981c\"><strong>STAFETTKARNEVALENS B\u00c4STA HEJARKLACK \u2013 \u00c5RSKURS 7-9 OCH ANDRA STADIET, \u00d6VER 25 DELTAGARE 202<\/strong>4<br>I t\u00e4vlingen f\u00f6r b\u00e4sta hejarklack, i klassen f\u00f6r <strong>\u00e5rskurserna 7-9\/andra stadiet \u00f6ver 25 deltagare<\/strong>, var det i \u00e5r<strong> Zachariasskolan fr\u00e5n Nykarleby<\/strong>. Totalt deltog 11 hejarklackar i t\u00e4vlingen.<\/p>\n\n\n\n<p id=\"block-798f08d8-3430-4253-8a1c-a1a2552870c7\">Motivering: Mitt bland \u00e4lvor, presidenter och sn\u00f6gubbar var det ett g\u00e4ng som bidrog till den varma st\u00e4mningen p\u00e5 l\u00e4karen. Kl\u00e4der enligt v\u00e4der och man lyckats g\u00f6ra ett fint intryck med sm\u00e5 medel. Att man lyckats involvera deltagare av olika k\u00f6n g\u00f6r att man lyfter hejarklacken till en ny niv\u00e5.&nbsp;<\/p>\n\n\n\n<p id=\"block-07ce9c85-a45f-4629-a0cf-ee23c4b226a7\">Juryn vill ge ett extra varmt hedersomn\u00e4mnande till Borgaregatans skola och de extremt fina Anna och Olof och deras fina kostymer och helhetinstryck.<\/p>\n\n\n\n<h4 class=\"wp-block-heading\" id=\"block-d99af624-10b2-485b-8c10-bda5448f1e7c\">Ramsor 2024<\/h4>\n\n\n\n<p id=\"block-9bd63887-d09a-4a31-884f-c7649cfe919d\"><strong>STAFETTKARNEVALENS B\u00c4STA HEJARRAMSA \u2013 Grundskolor \u00e5rskurs&nbsp;<\/strong><strong>1-6<\/strong><\/p>\n\n\n\n<p id=\"block-9c6949fb-2ab7-48ea-b5ef-a9e2c12d82e5\">Stafettkarnevalens traditionella hejarramset\u00e4vling, d\u00e4r texten i ramsorna har f\u00e5tt t\u00e4vla sinsemellan har avgjorts. T\u00e4vlingen indelades i tv\u00e5 klasser: \u00e5k 1-6 och \u00e5k 7-9\/andra stadiet.<\/p>\n\n\n\n<p id=\"block-fc48fa00-621e-49f9-950c-f6f35261184a\">T\u00e4vlingsjuryn po\u00e4ngterade att en bra hejarramsa b\u00f6r vara rytmisk, en bra st\u00f6dande melodi \u00e4r ett plus. Ramsan ska ha en fyndig text som g\u00e4rna kan ha lokal f\u00e4rg och ska uppmuntra det egna laget, utan att vara negativ mot andra lag. Ramsan b\u00f6r ocks\u00e5 ge uttryck f\u00f6r st\u00e4mningen p\u00e5 karnevalen, uttrycka lekfullhet, gemenskap och samh\u00f6righet, dvs. binda samman eleverna p\u00e5 l\u00e4ktarna och de l\u00f6pande lagen p\u00e5 planen. Speciellt ovanliga melodier och underfundiga texter premierades.<\/p>\n\n\n\n<p id=\"block-ac774e9b-e6d7-4142-a12a-96c9aeaef3d1\">I klassen f\u00f6r \u00e5k 1-6 vann <strong>Kyrkfj\u00e4rdens skola, Ing\u00e5<\/strong>: Klappa h\u00e4nderna<\/p>\n\n\n\n<p id=\"block-3c4e619d-fd86-480b-97f4-bd7fce5b60ad\">Motivering: Ramsan \u00e4r rytmisk och f\u00f6rmedlar en glad och positiv st\u00e4mning. Den \u00e4r l\u00e4tt att l\u00e4ra sig och l\u00e4tt att g\u00f6ra koreografier till. Ramsan f\u00f6rmedlar allts\u00e5 bra st\u00e4mningen och andan p\u00e5 Stafettkarnevalen.&nbsp;&nbsp;&nbsp;&nbsp;&nbsp;&nbsp;&nbsp;&nbsp;&nbsp;&nbsp;&nbsp;&nbsp;&nbsp;&nbsp;&nbsp;&nbsp;&nbsp;&nbsp;&nbsp;&nbsp;&nbsp;&nbsp;&nbsp;&nbsp;&nbsp;&nbsp;&nbsp;&nbsp;&nbsp;&nbsp;&nbsp;&nbsp;&nbsp;&nbsp;&nbsp;&nbsp;&nbsp;&nbsp;&nbsp;&nbsp;&nbsp;&nbsp;&nbsp;&nbsp;&nbsp;&nbsp;&nbsp;&nbsp;&nbsp;&nbsp;&nbsp;&nbsp;&nbsp;&nbsp;&nbsp;&nbsp;&nbsp;&nbsp;&nbsp;&nbsp;&nbsp;&nbsp;&nbsp;&nbsp;&nbsp;&nbsp;&nbsp;&nbsp;&nbsp;&nbsp;&nbsp;&nbsp;&nbsp;&nbsp;&nbsp;&nbsp;&nbsp;&nbsp;&nbsp;&nbsp;&nbsp;&nbsp;&nbsp;&nbsp;<\/p>\n\n\n\n<p id=\"block-f6549501-75bc-4936-a805-49544f39357b\"><strong>Klappa h\u00e4nderna<\/strong><strong><br><\/strong>Melodi: Klappa h\u00e4nderna (n\u00e4r du \u00e4r riktigt glad)<\/p>\n\n\n\n<p id=\"block-c10d443a-85e4-408f-b50c-250a3bf047c6\">Klappa h\u00e4nderna om Kyrkfj\u00e4rden \u00e4r b\u00e4st,<br>Klappa h\u00e4nderna n\u00e4r vi har guldfest,<br>Klappa h\u00e4nderna n\u00e4r vi springer, f\u00f6r ni vet v\u00e4l att vi vinner,<br>Klappa h\u00e4nderna f\u00f6r Kyrkfj\u00e4rden E B\u00c4ST!<\/p>\n\n\n\n<p id=\"block-abc2b683-8c1c-42d1-9f57-642fde63ed71\">Texten har f\u00f6rfattats av flickor i \u00e5k 5.<\/p>\n\n\n\n<p id=\"block-86e9a35e-d415-4a39-b17a-5fbddd2ec959\">P\u00e5 fr\u00e5gor svarar<\/p>\n\n\n\n<p id=\"block-5eb8f3f6-4236-4607-ae47-a772feca8a9a\">Barbara \u00c5kerberg<br>+35840 545 2260<\/p>\n\n\n\n<p id=\"block-b5e9408e-fa5c-400d-a3a6-d2c461518985\"><strong>STAFETTKARNEVALENS B\u00c4STA HEJARRAMSA \u2013&nbsp;\u00c5RSKURS 7-9 OCH ANDRA STADIET \u00c5R 2024<\/strong><\/p>\n\n\n\n<p id=\"block-a7635742-59a6-4876-ac51-98dfa64dbc98\">I klassen f\u00f6r \u00e5k 7-9\/andra stadiet vann <strong>Tegengrenskolan, V\u00f6r\u00e5<\/strong>: V\u00f6ro taas<\/p>\n\n\n\n<p id=\"block-689f327e-e03a-4161-8db3-1c4ca618ff09\">Motivering: Ramsan tar bra upp st\u00e4mningen och framf\u00f6r allt k\u00e4nslorna under Stafettkarnevalen, det \u00e4r nerv\u00f6st och b\u00e5de skratt och gr\u00e5t. Ramsan \u00e4r sympatisk och dialekten anv\u00e4nds p\u00e5 ett konsekvent s\u00e4tt.<\/p>\n\n\n\n<p id=\"block-0b457666-0f44-4374-be31-8b6a583734f2\">Hedersomn\u00e4mnande gick till: Korsholms h\u00f6gstadium: Du k\u00e4re lille karneval<\/p>\n\n\n\n<p id=\"block-cf187d63-7d7a-487d-9458-ce89d23b4e9c\"><strong>V\u00f6ro taas<\/strong><strong><br><\/strong>(Melodi: Tango taas med KAJ)<\/p>\n\n\n\n<p id=\"block-ea5ae1a6-5581-496f-9def-e084e35fe6d3\">Vi starta ifr\u00e5n v\u00f6ro, tr\u00f6jt som bara vaa<br>Ti hesa f\u00e5or vi i v\u00e5r fulla buss<br>Dem la p\u00e5 oss findr\u00e4ktan \u00e5 borsta bort allt damm<br>Och Bettan sa: no ska ni skaff ett gold<\/p>\n\n\n\n<p id=\"block-f21ca41d-7484-44c2-93d8-9a3562ee57fd\">S\u00e5 dem steig \u00e5pp p\u00e5 lektarn \u00e5 r\u00e5opa snart \u00e5p\u00e5<br>Dem st\u00e5o \u00e5 skrejk \u00e5 ingen \u00e5v dem satt<br>Men s\u00e5 kom nervositetin, t\u00e5 e n\u00e4rma se<\/p>\n\n\n\n<p id=\"block-9284e102-649c-4e68-8860-0111ce512104\">T\u00e5 speakern sa: no spring\u00e4r v\u00f6ro snart<br>Sitt tuli v\u00f6ro taas, v\u00f6rob\u00e5oan \u00f6verallt<br>Sitt tuli v\u00f6ro taas igen.<br>Dem sprang \u00e5 dem va g\u00e4\u00e4lin, tills guldi dem snart fick<br>Dem tyckt e va s\u00e5 r\u00e5olit, s\u00e5 dem gr\u00e5t in liitin skv\u00e4tt<\/p>\n\n\n\n<p id=\"block-5c68ba38-19e8-4ea1-994d-c860e795e07a\">F\u00f6rfattare till texten \u00e4r: Natalie Backman, Felicia J\u00e4rn, Sara Backlund, Jolinda Helsing, Wilma J\u00e5fs och Liv Dalkarl.<\/p>\n","protected":false},"excerpt":{"rendered":"<p>2025 2024 2023 2022 2021 2020 2019 2018 2017 2016 2015 2014 Maskott\u00e4vlingen 2024 Det f\u00f6rsta priset under \u00e5rets karneval[&#8230;]<\/p>\n","protected":false},"author":2,"featured_media":0,"parent":0,"menu_order":0,"comment_status":"closed","ping_status":"closed","template":"","meta":{"footnotes":""},"class_list":["post-27","page","type-page","status-publish","hentry"],"_links":{"self":[{"href":"https:\/\/www.stafettkarnevalen.fi\/index.php?rest_route=\/wp\/v2\/pages\/27","targetHints":{"allow":["GET"]}}],"collection":[{"href":"https:\/\/www.stafettkarnevalen.fi\/index.php?rest_route=\/wp\/v2\/pages"}],"about":[{"href":"https:\/\/www.stafettkarnevalen.fi\/index.php?rest_route=\/wp\/v2\/types\/page"}],"author":[{"embeddable":true,"href":"https:\/\/www.stafettkarnevalen.fi\/index.php?rest_route=\/wp\/v2\/users\/2"}],"replies":[{"embeddable":true,"href":"https:\/\/www.stafettkarnevalen.fi\/index.php?rest_route=%2Fwp%2Fv2%2Fcomments&post=27"}],"version-history":[{"count":5,"href":"https:\/\/www.stafettkarnevalen.fi\/index.php?rest_route=\/wp\/v2\/pages\/27\/revisions"}],"predecessor-version":[{"id":833,"href":"https:\/\/www.stafettkarnevalen.fi\/index.php?rest_route=\/wp\/v2\/pages\/27\/revisions\/833"}],"wp:attachment":[{"href":"https:\/\/www.stafettkarnevalen.fi\/index.php?rest_route=%2Fwp%2Fv2%2Fmedia&parent=27"}],"curies":[{"name":"wp","href":"https:\/\/api.w.org\/{rel}","templated":true}]}}