{"id":37,"date":"2024-05-15T09:28:53","date_gmt":"2024-05-15T06:28:53","guid":{"rendered":"http:\/\/31.217.193.150\/~stafettk\/?page_id=37"},"modified":"2024-05-15T09:28:53","modified_gmt":"2024-05-15T06:28:53","slug":"om-stafettkarnevalen","status":"publish","type":"page","link":"https:\/\/www.stafettkarnevalen.fi\/?page_id=37","title":{"rendered":"Om Stafettkarnevalen"},"content":{"rendered":"\n<h5 class=\"wp-block-heading\">Stafettkarnevalen \u00e4r:<\/h5>\n\n\n\n<ul class=\"wp-block-list\">\n<li>Europas st\u00f6rsta skolidrottsevenemang som arrangeras \u00e5rligen<\/li>\n\n\n\n<li>12 000 starter och 9 000 l\u00f6pare<\/li>\n\n\n\n<li>200 deltagande skolor<\/li>\n\n\n\n<li>Mer \u00e4n 2000 deltagare i de olika hejarklackarna<\/li>\n\n\n\n<li>\u00d6ver 200 frivilliga<\/li>\n<\/ul>\n\n\n<div class=\"wp-block-image\">\n<figure class=\"aligncenter size-full\"><img loading=\"lazy\" decoding=\"async\" width=\"439\" height=\"293\" src=\"http:\/\/31.217.193.150\/~stafettk\/wp-content\/uploads\/2024\/05\/image-2.png\" alt=\"\" class=\"wp-image-38\" srcset=\"https:\/\/www.stafettkarnevalen.fi\/wp-content\/uploads\/2024\/05\/image-2.png 439w, https:\/\/www.stafettkarnevalen.fi\/wp-content\/uploads\/2024\/05\/image-2-300x200.png 300w, https:\/\/www.stafettkarnevalen.fi\/wp-content\/uploads\/2024\/05\/image-2-120x80.png 120w, https:\/\/www.stafettkarnevalen.fi\/wp-content\/uploads\/2024\/05\/image-2-360x240.png 360w\" sizes=\"auto, (max-width: 439px) 100vw, 439px\" \/><figcaption class=\"wp-element-caption\">Carl-Olof Hom\u00e9n, initiativtagare och \u201dKarnevalens pappa\u201d sedan 1961.<\/figcaption><\/figure><\/div>\n\n\n<p>Den f\u00f6rsta Stafettkarnevalen arrangerades f\u00f6r landets svenska skolor v\u00e5ren 1961 p\u00e5 Djurg\u00e5rdens sportplan i Helsingfors. I den f\u00f6rsta Stafettkarnevalen deltog 606 l\u00f6pare.<\/p>\n\n\n\n<h3 class=\"wp-block-heading\"><strong><em>Inspirera till motion och sunda levnadsvanor<\/em><\/strong><\/h3>\n\n\n\n<p>Stafettkarnevalens m\u00e5ls\u00e4ttning \u00e4r att inspirera skolungdomen till att r\u00f6ra p\u00e5 sig och att betona gl\u00e4djen i idrotten, lagandan, kamratskapet och skolgemenskapen.<\/p>\n\n\n\n<p>Till den idrottsliga m\u00e5ls\u00e4ttningen h\u00f6r ocks\u00e5 att locka nya skaror av ungdom till idrotten och ge v\u00e5ra f\u00f6reningar en stor rekryteringsbas. M\u00e5nga av v\u00e5rt lands fr\u00e4msta idrottsstj\u00e4rnor har deltagit och t\u00e4vlat i Stafettkarnevalen.<\/p>\n\n\n\n<p>Den samh\u00e4lleliga, finlandssvenska m\u00e5ls\u00e4ttningen \u00e4r att st\u00e4rka den finlandssvenska identiteten och samtidigt skapa<em>&nbsp;good will<\/em>&nbsp;\u00f6ver sp\u00e5rkgr\u00e4nserna.<\/p>\n\n\n\n<p>Vi tror ocks\u00e5, att f\u00f6r att en minoritet skall kunna g\u00f6ra en fullgod insats hela landet till fromma, m\u00e5ste den ha m\u00f6jlighet att f\u00f6rverkliga sina id\u00e9er, p\u00e5 sina egna villkor, sin egen krets och p\u00e5 sitt eget spr\u00e5k.<\/p>\n\n\n\n<h3 class=\"wp-block-heading\"><strong><em>Livsl\u00e5nga erfarenheter och gemensakp<\/em><\/strong><\/h3>\n\n\n\n<h5 class=\"wp-block-heading\">Stafettkarnevalen skapar gemenskap:<\/h5>\n\n\n\n<ul class=\"wp-block-list\">\n<li>inom svenskfinland<\/li>\n\n\n\n<li>inom den egna klassen<\/li>\n\n\n\n<li>inom den egna skolan<\/li>\n\n\n\n<li>inom den egna kommunen\/staden<\/li>\n<\/ul>\n\n\n\n<figure class=\"wp-block-image size-full\"><img loading=\"lazy\" decoding=\"async\" width=\"1024\" height=\"685\" src=\"http:\/\/31.217.193.150\/~stafettk\/wp-content\/uploads\/2024\/05\/image-3.png\" alt=\"\" class=\"wp-image-39\" srcset=\"https:\/\/www.stafettkarnevalen.fi\/wp-content\/uploads\/2024\/05\/image-3.png 1024w, https:\/\/www.stafettkarnevalen.fi\/wp-content\/uploads\/2024\/05\/image-3-300x201.png 300w, https:\/\/www.stafettkarnevalen.fi\/wp-content\/uploads\/2024\/05\/image-3-768x514.png 768w, https:\/\/www.stafettkarnevalen.fi\/wp-content\/uploads\/2024\/05\/image-3-120x80.png 120w, https:\/\/www.stafettkarnevalen.fi\/wp-content\/uploads\/2024\/05\/image-3-360x240.png 360w, https:\/\/www.stafettkarnevalen.fi\/wp-content\/uploads\/2024\/05\/image-3-600x400.png 600w\" sizes=\"auto, (max-width: 1024px) 100vw, 1024px\" \/><\/figure>\n\n\n\n<p>Stafettkarnevalen \u00e4r ett inkluderande evenemang d\u00e4r hela skolan f\u00e5r vara med.<br>Stafettkarnevalen best\u00e5r av s\u00e5 mycket mer \u00e4n traditionella stafetter, t.ex. inmarschen, hejaklackst\u00e4vling, maskott\u00e4vling, stafetter \u00f6ppna f\u00f6r sp\u00e5rkbadsskolor samt anpassade stafetter.<\/p>\n\n\n\n<h3 class=\"wp-block-heading\"><strong><em>Stafettkarnevalen skapar gl\u00e4dje f\u00f6r s\u00e5v\u00e4l deltagare som publik och funktion\u00e4rer.<\/em><\/strong><\/h3>\n","protected":false},"excerpt":{"rendered":"<p>Stafettkarnevalen \u00e4r: Den f\u00f6rsta Stafettkarnevalen arrangerades f\u00f6r landets svenska skolor v\u00e5ren 1961 p\u00e5 Djurg\u00e5rdens sportplan i Helsingfors. I den f\u00f6rsta[&#8230;]<\/p>\n","protected":false},"author":2,"featured_media":0,"parent":0,"menu_order":0,"comment_status":"closed","ping_status":"closed","template":"","meta":{"footnotes":""},"class_list":["post-37","page","type-page","status-publish","hentry"],"_links":{"self":[{"href":"https:\/\/www.stafettkarnevalen.fi\/index.php?rest_route=\/wp\/v2\/pages\/37","targetHints":{"allow":["GET"]}}],"collection":[{"href":"https:\/\/www.stafettkarnevalen.fi\/index.php?rest_route=\/wp\/v2\/pages"}],"about":[{"href":"https:\/\/www.stafettkarnevalen.fi\/index.php?rest_route=\/wp\/v2\/types\/page"}],"author":[{"embeddable":true,"href":"https:\/\/www.stafettkarnevalen.fi\/index.php?rest_route=\/wp\/v2\/users\/2"}],"replies":[{"embeddable":true,"href":"https:\/\/www.stafettkarnevalen.fi\/index.php?rest_route=%2Fwp%2Fv2%2Fcomments&post=37"}],"version-history":[{"count":1,"href":"https:\/\/www.stafettkarnevalen.fi\/index.php?rest_route=\/wp\/v2\/pages\/37\/revisions"}],"predecessor-version":[{"id":40,"href":"https:\/\/www.stafettkarnevalen.fi\/index.php?rest_route=\/wp\/v2\/pages\/37\/revisions\/40"}],"wp:attachment":[{"href":"https:\/\/www.stafettkarnevalen.fi\/index.php?rest_route=%2Fwp%2Fv2%2Fmedia&parent=37"}],"curies":[{"name":"wp","href":"https:\/\/api.w.org\/{rel}","templated":true}]}}