{"id":43,"date":"2024-05-15T09:32:16","date_gmt":"2024-05-15T06:32:16","guid":{"rendered":"http:\/\/31.217.193.150\/~stafettk\/?page_id=43"},"modified":"2026-03-03T12:03:22","modified_gmt":"2026-03-03T10:03:22","slug":"samarbetspartners","status":"publish","type":"page","link":"https:\/\/www.stafettkarnevalen.fi\/?page_id=43","title":{"rendered":"Samarbetspartners"},"content":{"rendered":"\n<h5 class=\"wp-block-heading\">Vill du bli samarbetspartner?<\/h5>\n\n\n\n<p>Ta kontakt med&nbsp;<strong><a href=\"http:\/\/www.stafettkarnevalen.fi\/~stafettk\/?page_id=34\">Jan-Erik \u201dJEJE\u201d Ekl\u00f6f<\/a><\/strong><\/p>\n\n\n<div class=\"wp-block-image\">\n<figure class=\"aligncenter size-full\"><img loading=\"lazy\" decoding=\"async\" width=\"768\" height=\"384\" src=\"https:\/\/www.stafettkarnevalen.fi\/wp-content\/uploads\/2026\/03\/Aktia_1826_768_384_Stafettkarnevalen-1.png\" alt=\"\" class=\"wp-image-795\" srcset=\"https:\/\/www.stafettkarnevalen.fi\/wp-content\/uploads\/2026\/03\/Aktia_1826_768_384_Stafettkarnevalen-1.png 768w, https:\/\/www.stafettkarnevalen.fi\/wp-content\/uploads\/2026\/03\/Aktia_1826_768_384_Stafettkarnevalen-1-300x150.png 300w\" sizes=\"auto, (max-width: 768px) 100vw, 768px\" \/><figcaption class=\"wp-element-caption\">F\u00f6rm\u00f6genhetsplanen hj\u00e4lper dig att se dina egna ekonomiska m\u00f6jligheter, \u00f6ka din f\u00f6rm\u00f6genhet och f\u00f6rbereda dig f\u00f6r ekonomiska risker. Boka tid, s\u00e5 g\u00f6r vi en skr\u00e4ddarsydd plan f\u00f6r dig och ordnar om dina l\u00e5n, s\u00e5 att du f\u00e5r ut det mesta av din ekonomi. Att byta bank \u00e4r ett litet besv\u00e4r men det kan ha stor inverkan p\u00e5 din framtid. Om du vill utveckla din ekonomi samt \u00f6ka din f\u00f6rm\u00f6genhet och trygghet, v\u00e4lj en bank som g\u00f6r det m\u00f6jligt.<\/figcaption><\/figure><\/div>\n\n\n<hr class=\"wp-block-separator has-alpha-channel-opacity\"\/>\n\n\n<div class=\"wp-block-image\">\n<figure class=\"aligncenter\"><a href=\"https:\/\/bmr.fi\/\" target=\"_blank\" rel=\"noreferrer noopener\"><img decoding=\"async\" src=\"https:\/\/staging.stafettkarnevalen.fi\/wp-content\/uploads\/2023\/01\/bmr-mono-768x384-1.jpg\" alt=\"Stiftelsen Brita Maria Renlunds minne sr\" class=\"wp-image-40\"\/><\/a><figcaption class=\"wp-element-caption\">Aff\u00e4rsmannen Karl Herman Renlund grundade \u00e5r 1918 stiftelsen Brita Maria Renlunds minne sr. Stiftelsen har f\u00e5tt sitt namn efter donatorns mor. Till stiftelsens fr\u00e4msta uppgifter h\u00f6r att underst\u00f6da privat uppr\u00e4tth\u00e5llen barndagv\u00e5rd, eftermiddagsverksamhet f\u00f6r skolelever samt sommarrekreation f\u00f6r barn<\/figcaption><\/figure><\/div>\n\n\n<hr class=\"wp-block-separator has-alpha-channel-opacity\"\/>\n\n\n<div class=\"wp-block-image\">\n<figure class=\"aligncenter\"><a href=\"hbl.fi\" target=\"_blank\" rel=\"noreferrer noopener\"><img decoding=\"async\" src=\"https:\/\/staging.stafettkarnevalen.fi\/wp-content\/uploads\/2023\/01\/hbl-mono-768x384-1.jpg\" alt=\"HBL\" class=\"wp-image-37\"\/><\/a><figcaption class=\"wp-element-caption\">KSF Media ger ut Hufvudstadsbladet<\/figcaption><\/figure><\/div>\n\n\n<hr class=\"wp-block-separator has-alpha-channel-opacity\"\/>\n\n\n\n<figure class=\"wp-block-image\"><a href=\"https:\/\/tresmeder.fi\/\" target=\"_blank\" rel=\"noreferrer noopener\"><img decoding=\"async\" src=\"https:\/\/stafettkarnevalen.fi\/wp-content\/uploads\/2023\/03\/Screenshot-2023-03-23-at-18.17.51-e1679588741509-1024x350.png\" alt=\"Stiftelsen Tre Smeder\" class=\"wp-image-265\"\/><\/a><figcaption class=\"wp-element-caption\">Stiftelsen Tre Smeder st\u00f6der kulturell och ideell verksamhet som utvecklar Helsingfors som en m\u00e5ngkulturell och livskraftig huvudstad, d\u00e4r det svenska spr\u00e5ket har en sj\u00e4lvklar roll och stark relevans. Vi vill p\u00e5verka och st\u00e4rka det svenska, och bidra till ett m\u00e5ngsidigt inneh\u00e5ll i vardagen f\u00f6r stadens inv\u00e5nare.<\/figcaption><\/figure>\n\n\n\n<hr class=\"wp-block-separator has-alpha-channel-opacity\"\/>\n\n\n<div class=\"wp-block-image\">\n<figure class=\"aligncenter\"><a href=\"https:\/\/www.fazer.fi\/sv-FI\/\" target=\"_blank\" rel=\"noreferrer noopener\"><img decoding=\"async\" src=\"https:\/\/stafettkarnevalen.fi\/wp-content\/uploads\/2023\/04\/Screenshot-2023-04-21-at-16.21.04-1024x549.png\" alt=\"Fazer\" class=\"wp-image-285\"\/><\/a><figcaption class=\"wp-element-caption\">V\u00e5ra v\u00e4rderingar v\u00e4gleder oss i allt vi g\u00f6r, och de utg\u00f6r ett fundament som v\u00e5r strategi, mission och vision bygger p\u00e5. Dessa&nbsp;v\u00e4rderingar utg\u00f6r grunden f\u00f6r v\u00e5r dagliga interaktion och styr oss mot framtiden.<\/figcaption><\/figure><\/div>\n\n\n<hr class=\"wp-block-separator has-alpha-channel-opacity\"\/>\n\n\n\n<hr class=\"wp-block-separator has-alpha-channel-opacity\"\/>\n\n\n<div class=\"wp-block-image\">\n<figure class=\"aligncenter\"><a href=\"https:\/\/www.wiklofholding.fi\/\"><img decoding=\"async\" src=\"https:\/\/staging.stafettkarnevalen.fi\/wp-content\/uploads\/2023\/01\/Screenshot-2023-01-19-at-12.37.23-1024x513.png\" alt=\"Wikl\u00f6f Holding\" class=\"wp-image-46\"\/><\/a><figcaption class=\"wp-element-caption\">Koncernens m\u00e5ls\u00e4ttning \u00e4r att l\u00e5ngsiktigt och uth\u00e5lligt verka med god l\u00f6nsamhet. Detta uppn\u00e5s genom en balans mellan nyt\u00e4nkande och f\u00f6rsiktighet, stor branschdiversifiering och en aktiv \u00e4garstyrning byggd p\u00e5 kontinuerlig dialog mellan koncernledningen och dotterbolagens ledningar.<\/figcaption><\/figure><\/div>\n\n\n<hr class=\"wp-block-separator has-alpha-channel-opacity\"\/>\n\n\n<div class=\"wp-block-image\">\n<figure class=\"aligncenter\"><a href=\"https:\/\/helsinkiliikkuu.fi\/sv\"><img decoding=\"async\" src=\"https:\/\/staging.stafettkarnevalen.fi\/wp-content\/uploads\/2023\/01\/Hesa_banneri_1040x400px_2022-2-1024x394.jpg\" alt=\"Helsingfors\" class=\"wp-image-42\"\/><\/a><figcaption class=\"wp-element-caption\">Helsingfors stad lyfter fram fr\u00e4mjandet av fysisk aktivitet som ett strategiskt spetsprojekt med m\u00e5l att f\u00e5 stadsborna att r\u00f6ra p\u00e5 sig mera och sitta mindre. Programmet handlar om \u00f6vergripande f\u00f6rst\u00e5else av, samt fr\u00e4mjande och koordination av en fysiskt aktiv livsstil.<\/figcaption><\/figure><\/div>","protected":false},"excerpt":{"rendered":"<p>Vill du bli samarbetspartner? Ta kontakt med&nbsp;Jan-Erik \u201dJEJE\u201d Ekl\u00f6f<\/p>\n","protected":false},"author":2,"featured_media":0,"parent":0,"menu_order":0,"comment_status":"closed","ping_status":"closed","template":"","meta":{"footnotes":""},"class_list":["post-43","page","type-page","status-publish","hentry"],"_links":{"self":[{"href":"https:\/\/www.stafettkarnevalen.fi\/index.php?rest_route=\/wp\/v2\/pages\/43","targetHints":{"allow":["GET"]}}],"collection":[{"href":"https:\/\/www.stafettkarnevalen.fi\/index.php?rest_route=\/wp\/v2\/pages"}],"about":[{"href":"https:\/\/www.stafettkarnevalen.fi\/index.php?rest_route=\/wp\/v2\/types\/page"}],"author":[{"embeddable":true,"href":"https:\/\/www.stafettkarnevalen.fi\/index.php?rest_route=\/wp\/v2\/users\/2"}],"replies":[{"embeddable":true,"href":"https:\/\/www.stafettkarnevalen.fi\/index.php?rest_route=%2Fwp%2Fv2%2Fcomments&post=43"}],"version-history":[{"count":7,"href":"https:\/\/www.stafettkarnevalen.fi\/index.php?rest_route=\/wp\/v2\/pages\/43\/revisions"}],"predecessor-version":[{"id":797,"href":"https:\/\/www.stafettkarnevalen.fi\/index.php?rest_route=\/wp\/v2\/pages\/43\/revisions\/797"}],"wp:attachment":[{"href":"https:\/\/www.stafettkarnevalen.fi\/index.php?rest_route=%2Fwp%2Fv2%2Fmedia&parent=43"}],"curies":[{"name":"wp","href":"https:\/\/api.w.org\/{rel}","templated":true}]}}